{"id":9312,"date":"2023-02-28T11:19:54","date_gmt":"2023-02-28T11:19:54","guid":{"rendered":"https:\/\/semanasantabraga.com\/?page_id=9312"},"modified":"2023-03-15T11:48:25","modified_gmt":"2023-03-15T11:48:25","slug":"alcalalareal-spain","status":"publish","type":"page","link":"https:\/\/semanasantabraga.com\/en\/alcalalareal-spain\/","title":{"rendered":"Alcal\u00e1 La Real, Spain"},"content":{"rendered":"<p><strong>PHOTO 1<\/strong><\/p>\n<p>\n<em>Author<\/em>: Alcal\u00e1 la Real Tourist Office<\/p>\n<p>&nbsp;<\/p>\n<p>In the Semana Santa of Alcal\u00e1 la Real, past and present, rite and tradition merge, what makes this event genuine is the combination of religiosity and popular excitement, embodied in the imitated, staged or proclaimed steps that follow in procession parades, and which have their main manifestation on the morning of Good Friday. On this day, the Passion is staged in the streets of the historic centre by means of the &#8220;Declamed Steps&#8221;.<br \/>\nThe mime Passos in Alcal\u00e1 la Real are a fusion of two traditions, the autos and mysteries that were performed on the occasion of Corpus Christi, festive and religious performances staged by local people, which depicted biblical stories and the life, passion and death of Christ. They were performed until the 18th century in churches, helping to spread Catholic doctrine. The commotion they caused led to their being staged outside churches. Nowadays, the streets and squares of the historic centre are the site of the processions. In the image we can see the representation of Judas&#8217; repentance, which is celebrated on Good Friday.<\/p>\n<p>&nbsp;<\/p>\n<p>&nbsp;<\/p>\n<p>\n<strong>PHOTO 2<\/strong><\/p>\n<p>\n<em>Author<\/em>: Alcal\u00e1 la Real Tourist Office<\/p>\n<p>&nbsp;<\/p>\n<p>In the Brotherhoods of the Apostles and of Ecce Homo, the brothers wear costumes in the processions that represent characters related to mime performances. The Apostles, as shown in the photograph, wear a flowered stole and purple tunic, except for Judas Iscariot, known in Alcal\u00e1 la Real as Juillas, who wears red. All of them have their faces covered with an ornament and wigs. In the case of Juillas, with blond hair is a mask with a schizophrenic expression.<\/p>\n<p>&nbsp;<\/p>\n<p>&nbsp;<\/p>\n<p>&nbsp;<\/p>\n<p><strong>PHOTO 3<\/strong><\/p>\n<p>&nbsp;<\/p>\n<p><em>Author<\/em>: Alcal\u00e1 la Real Tourist Office<\/p>\n<p>&nbsp;<\/p>\n<p>The Real Confraria del Dulce Nombre de Jes\u00fas y Santa Caridad is the oldest penitent brotherhood in Alcal\u00e1 la Real. The old image, attributed to Jos\u00e9 de Mora, was destroyed in 1936 during the Civil War, and replaced in 1939 by another sculpted by Jos\u00e9 Manuel Rodr\u00edguez Fern\u00e1ndez-Andes, a Sevillian sculptor with a short but prestigious career, and paid for by Francisco Serrano del M\u00e1rmol, a benefactor of the brotherhood. There are records of its processional parade from the early years of the 17th century, although the brotherhood was founded in 1597. It is, therefore, the oldest Holy Week procession.<\/p>\n<p>&nbsp;<\/p>\n<p>&nbsp;<\/p>\n<p>&nbsp;<\/p>\n<p><strong>PHOTO 4<\/strong><\/p>\n<p>&nbsp;<\/p>\n<p><em>Author<\/em>: Alcal\u00e1 la Real Tourist Office<\/p>\n<p>&nbsp;<\/p>\n<p>The Palm Sunday processions of Borriquilla and the Virgen de la Estrella, and the Tuesday procession of the Prayer in the Garden and Hope, or the procession of the Christ of Humility and the Virgin of Dolours on Holy Thursday, are essential dates of Passion Week in Alcal\u00e1 la Real. But without doubt the most eagerly awaited of all takes place on Holy Friday afternoon. The Cristo de la Salud y la Virgen de las Angustias meet every year at the intersection of Veracruz Street, in what is another of the key moments of Alcal\u00e1&#8217;s Holy Week, and bid each other farewell on Real Street near the intersection with Mart\u00ednez Monta\u00f1\u00e9s Street. It is important to note that this street bears the name of what is considered the &#8220;master of wood&#8221;. Monta\u00f1\u00e9s, a 16th century sculptor, who created a school in Seville after training in the workshop of the master Pablo de Rojas. Alcal\u00e1 la Real has the honour of being the birthplace of both, considered the most prestigious image makers in Andalusia.<\/p>\n<p>&nbsp;<\/p>\n","protected":false},"excerpt":{"rendered":"<p>PHOTO 1 Author: Alcal\u00e1 la Real Tourist Office &nbsp; In the Semana Santa of Alcal\u00e1 la Real, past and present, rite and tradition merge, what makes this event genuine is the combination of religiosity and popular excitement, embodied in the imitated, staged or proclaimed steps that follow in procession parades, and which have their main [&hellip;]<\/p>\n","protected":false},"author":12,"featured_media":0,"parent":0,"menu_order":0,"comment_status":"closed","ping_status":"closed","template":"template-paginaexposicao.php","meta":{"_acf_changed":false,"inline_featured_image":false,"footnotes":""},"class_list":["post-9312","page","type-page","status-publish","hentry"],"acf":{"subtitulo_do_tipo_de_pagina":"Photography exhibition","titulo_do_tipo_de_pagina":"Holy Week","texto_do_tipo_de_pagina":"a European perspective","organizadores":[{"ID":9328,"id":9328,"title":"organizacao","filename":"organizacao.png","filesize":"13732","url":"https:\/\/semanasantabraga.com\/wp-content\/uploads\/2023\/02\/organizacao.png","link":"https:\/\/semanasantabraga.com\/en\/alcalalareal-spain\/organizacao\/","alt":"","author":"12","description":"","caption":"","name":"organizacao","status":"inherit","uploaded_to":9312,"date":"2023-02-28 12:44:56","modified":"2023-02-28 12:44:56","menu_order":0,"mime_type":"image\/png","type":"image","subtype":"png","icon":"https:\/\/semanasantabraga.com\/wp-includes\/images\/media\/default.png","width":180,"height":164,"sizes":{"thumbnail":"https:\/\/semanasantabraga.com\/wp-content\/uploads\/2023\/02\/organizacao.png","thumbnail-width":180,"thumbnail-height":164,"medium":"https:\/\/semanasantabraga.com\/wp-content\/uploads\/2023\/02\/organizacao.png","medium-width":180,"medium-height":164,"medium_large":"https:\/\/semanasantabraga.com\/wp-content\/uploads\/2023\/02\/organizacao.png","medium_large-width":180,"medium_large-height":164,"large":"https:\/\/semanasantabraga.com\/wp-content\/uploads\/2023\/02\/organizacao.png","large-width":180,"large-height":164,"1536x1536":"https:\/\/semanasantabraga.com\/wp-content\/uploads\/2023\/02\/organizacao.png","1536x1536-width":180,"1536x1536-height":164,"2048x2048":"https:\/\/semanasantabraga.com\/wp-content\/uploads\/2023\/02\/organizacao.png","2048x2048-width":180,"2048x2048-height":164}},{"ID":9331,"id":9331,"title":"cabido-se-de-braga","filename":"cabido-se-de-braga.png","filesize":"13412","url":"https:\/\/semanasantabraga.com\/wp-content\/uploads\/2023\/02\/cabido-se-de-braga.png","link":"https:\/\/semanasantabraga.com\/en\/alcalalareal-spain\/cabido-se-de-braga\/","alt":"","author":"12","description":"","caption":"","name":"cabido-se-de-braga","status":"inherit","uploaded_to":9312,"date":"2023-02-28 12:44:58","modified":"2023-02-28 12:44:58","menu_order":0,"mime_type":"image\/png","type":"image","subtype":"png","icon":"https:\/\/semanasantabraga.com\/wp-includes\/images\/media\/default.png","width":90,"height":99,"sizes":{"thumbnail":"https:\/\/semanasantabraga.com\/wp-content\/uploads\/2023\/02\/cabido-se-de-braga.png","thumbnail-width":90,"thumbnail-height":99,"medium":"https:\/\/semanasantabraga.com\/wp-content\/uploads\/2023\/02\/cabido-se-de-braga.png","medium-width":90,"medium-height":99,"medium_large":"https:\/\/semanasantabraga.com\/wp-content\/uploads\/2023\/02\/cabido-se-de-braga.png","medium_large-width":90,"medium_large-height":99,"large":"https:\/\/semanasantabraga.com\/wp-content\/uploads\/2023\/02\/cabido-se-de-braga.png","large-width":90,"large-height":99,"1536x1536":"https:\/\/semanasantabraga.com\/wp-content\/uploads\/2023\/02\/cabido-se-de-braga.png","1536x1536-width":90,"1536x1536-height":99,"2048x2048":"https:\/\/semanasantabraga.com\/wp-content\/uploads\/2023\/02\/cabido-se-de-braga.png","2048x2048-width":90,"2048x2048-height":99}},{"ID":9334,"id":9334,"title":"irmandade-da-misericordia-1","filename":"irmandade-da-misericordia-1.png","filesize":"15724","url":"https:\/\/semanasantabraga.com\/wp-content\/uploads\/2023\/02\/irmandade-da-misericordia-1.png","link":"https:\/\/semanasantabraga.com\/en\/alcalalareal-spain\/irmandade-da-misericordia-1\/","alt":"","author":"12","description":"","caption":"","name":"irmandade-da-misericordia-1","status":"inherit","uploaded_to":9312,"date":"2023-02-28 12:45:00","modified":"2023-02-28 12:45:00","menu_order":0,"mime_type":"image\/png","type":"image","subtype":"png","icon":"https:\/\/semanasantabraga.com\/wp-includes\/images\/media\/default.png","width":83,"height":99,"sizes":{"thumbnail":"https:\/\/semanasantabraga.com\/wp-content\/uploads\/2023\/02\/irmandade-da-misericordia-1.png","thumbnail-width":83,"thumbnail-height":99,"medium":"https:\/\/semanasantabraga.com\/wp-content\/uploads\/2023\/02\/irmandade-da-misericordia-1.png","medium-width":83,"medium-height":99,"medium_large":"https:\/\/semanasantabraga.com\/wp-content\/uploads\/2023\/02\/irmandade-da-misericordia-1.png","medium_large-width":83,"medium_large-height":99,"large":"https:\/\/semanasantabraga.com\/wp-content\/uploads\/2023\/02\/irmandade-da-misericordia-1.png","large-width":83,"large-height":99,"1536x1536":"https:\/\/semanasantabraga.com\/wp-content\/uploads\/2023\/02\/irmandade-da-misericordia-1.png","1536x1536-width":83,"1536x1536-height":99,"2048x2048":"https:\/\/semanasantabraga.com\/wp-content\/uploads\/2023\/02\/irmandade-da-misericordia-1.png","2048x2048-width":83,"2048x2048-height":99}}],"titulo_botao":"Know more","link_externo":"https:\/\/www.holyweekeurope.com\/en\/european-network-of-holy-week-and-easter-celebrations\/"},"yoast_head":"<!-- This site is optimized with the Yoast SEO plugin v27.5 - https:\/\/yoast.com\/product\/yoast-seo-wordpress\/ -->\n<title>Alcal\u00e1 La Real, Spain - Semana Santa de Braga - S\u00edtio Oficial<\/title>\n<meta name=\"robots\" content=\"index, follow, max-snippet:-1, max-image-preview:large, max-video-preview:-1\" \/>\n<link rel=\"canonical\" href=\"https:\/\/semanasantabraga.com\/en\/alcalalareal-spain\/\" \/>\n<meta name=\"twitter:card\" content=\"summary_large_image\" \/>\n<meta name=\"twitter:title\" content=\"Alcal\u00e1 La Real, Spain - Semana Santa de Braga - S\u00edtio Oficial\" \/>\n<meta name=\"twitter:description\" content=\"PHOTO 1 Author: Alcal\u00e1 la Real Tourist Office &nbsp; In the Semana Santa of Alcal\u00e1 la Real, past and present, rite and tradition merge, what makes this event genuine is the combination of religiosity and popular excitement, embodied in the imitated, staged or proclaimed steps that follow in procession parades, and which have their main [&hellip;]\" \/>\n<meta name=\"twitter:label1\" content=\"Est. reading time\" \/>\n\t<meta name=\"twitter:data1\" content=\"4 minutes\" \/>\n<script type=\"application\/ld+json\" class=\"yoast-schema-graph\">{\"@context\":\"https:\\\/\\\/schema.org\",\"@graph\":[{\"@type\":\"WebPage\",\"@id\":\"https:\\\/\\\/semanasantabraga.com\\\/en\\\/alcalalareal-spain\\\/\",\"url\":\"https:\\\/\\\/semanasantabraga.com\\\/en\\\/alcalalareal-spain\\\/\",\"name\":\"Alcal\u00e1 La Real, Spain - Semana Santa de Braga - S\u00edtio Oficial\",\"isPartOf\":{\"@id\":\"https:\\\/\\\/semanasantabraga.com\\\/#website\"},\"datePublished\":\"2023-02-28T11:19:54+00:00\",\"dateModified\":\"2023-03-15T11:48:25+00:00\",\"breadcrumb\":{\"@id\":\"https:\\\/\\\/semanasantabraga.com\\\/en\\\/alcalalareal-spain\\\/#breadcrumb\"},\"inLanguage\":\"en-US\",\"potentialAction\":[{\"@type\":\"ReadAction\",\"target\":[\"https:\\\/\\\/semanasantabraga.com\\\/en\\\/alcalalareal-spain\\\/\"]}]},{\"@type\":\"BreadcrumbList\",\"@id\":\"https:\\\/\\\/semanasantabraga.com\\\/en\\\/alcalalareal-spain\\\/#breadcrumb\",\"itemListElement\":[{\"@type\":\"ListItem\",\"position\":1,\"name\":\"In\u00edcio\",\"item\":\"https:\\\/\\\/semanasantabraga.com\\\/en\\\/\"},{\"@type\":\"ListItem\",\"position\":2,\"name\":\"Alcal\u00e1 La Real, Spain\"}]},{\"@type\":\"WebSite\",\"@id\":\"https:\\\/\\\/semanasantabraga.com\\\/#website\",\"url\":\"https:\\\/\\\/semanasantabraga.com\\\/\",\"name\":\"Semana Santa de Braga - S\u00edtio Oficial\",\"description\":\"\",\"potentialAction\":[{\"@type\":\"SearchAction\",\"target\":{\"@type\":\"EntryPoint\",\"urlTemplate\":\"https:\\\/\\\/semanasantabraga.com\\\/?s={search_term_string}\"},\"query-input\":{\"@type\":\"PropertyValueSpecification\",\"valueRequired\":true,\"valueName\":\"search_term_string\"}}],\"inLanguage\":\"en-US\"}]}<\/script>\n<!-- \/ Yoast SEO plugin. -->","yoast_head_json":{"title":"Alcal\u00e1 La Real, Spain - Semana Santa de Braga - S\u00edtio Oficial","robots":{"index":"index","follow":"follow","max-snippet":"max-snippet:-1","max-image-preview":"max-image-preview:large","max-video-preview":"max-video-preview:-1"},"canonical":"https:\/\/semanasantabraga.com\/en\/alcalalareal-spain\/","twitter_card":"summary_large_image","twitter_title":"Alcal\u00e1 La Real, Spain - Semana Santa de Braga - S\u00edtio Oficial","twitter_description":"PHOTO 1 Author: Alcal\u00e1 la Real Tourist Office &nbsp; In the Semana Santa of Alcal\u00e1 la Real, past and present, rite and tradition merge, what makes this event genuine is the combination of religiosity and popular excitement, embodied in the imitated, staged or proclaimed steps that follow in procession parades, and which have their main [&hellip;]","twitter_misc":{"Est. reading time":"4 minutes"},"schema":{"@context":"https:\/\/schema.org","@graph":[{"@type":"WebPage","@id":"https:\/\/semanasantabraga.com\/en\/alcalalareal-spain\/","url":"https:\/\/semanasantabraga.com\/en\/alcalalareal-spain\/","name":"Alcal\u00e1 La Real, Spain - Semana Santa de Braga - S\u00edtio Oficial","isPartOf":{"@id":"https:\/\/semanasantabraga.com\/#website"},"datePublished":"2023-02-28T11:19:54+00:00","dateModified":"2023-03-15T11:48:25+00:00","breadcrumb":{"@id":"https:\/\/semanasantabraga.com\/en\/alcalalareal-spain\/#breadcrumb"},"inLanguage":"en-US","potentialAction":[{"@type":"ReadAction","target":["https:\/\/semanasantabraga.com\/en\/alcalalareal-spain\/"]}]},{"@type":"BreadcrumbList","@id":"https:\/\/semanasantabraga.com\/en\/alcalalareal-spain\/#breadcrumb","itemListElement":[{"@type":"ListItem","position":1,"name":"In\u00edcio","item":"https:\/\/semanasantabraga.com\/en\/"},{"@type":"ListItem","position":2,"name":"Alcal\u00e1 La Real, Spain"}]},{"@type":"WebSite","@id":"https:\/\/semanasantabraga.com\/#website","url":"https:\/\/semanasantabraga.com\/","name":"Semana Santa de Braga - S\u00edtio Oficial","description":"","potentialAction":[{"@type":"SearchAction","target":{"@type":"EntryPoint","urlTemplate":"https:\/\/semanasantabraga.com\/?s={search_term_string}"},"query-input":{"@type":"PropertyValueSpecification","valueRequired":true,"valueName":"search_term_string"}}],"inLanguage":"en-US"}]}},"_links":{"self":[{"href":"https:\/\/semanasantabraga.com\/en\/wp-json\/wp\/v2\/pages\/9312","targetHints":{"allow":["GET"]}}],"collection":[{"href":"https:\/\/semanasantabraga.com\/en\/wp-json\/wp\/v2\/pages"}],"about":[{"href":"https:\/\/semanasantabraga.com\/en\/wp-json\/wp\/v2\/types\/page"}],"author":[{"embeddable":true,"href":"https:\/\/semanasantabraga.com\/en\/wp-json\/wp\/v2\/users\/12"}],"replies":[{"embeddable":true,"href":"https:\/\/semanasantabraga.com\/en\/wp-json\/wp\/v2\/comments?post=9312"}],"version-history":[{"count":3,"href":"https:\/\/semanasantabraga.com\/en\/wp-json\/wp\/v2\/pages\/9312\/revisions"}],"predecessor-version":[{"id":9515,"href":"https:\/\/semanasantabraga.com\/en\/wp-json\/wp\/v2\/pages\/9312\/revisions\/9515"}],"wp:attachment":[{"href":"https:\/\/semanasantabraga.com\/en\/wp-json\/wp\/v2\/media?parent=9312"}],"curies":[{"name":"wp","href":"https:\/\/api.w.org\/{rel}","templated":true}]}}