{"id":9567,"date":"2023-03-09T17:31:54","date_gmt":"2023-03-09T17:31:54","guid":{"rendered":"https:\/\/semanasantabraga.com\/?page_id=9567"},"modified":"2023-03-15T11:44:33","modified_gmt":"2023-03-15T11:44:33","slug":"priegodecordoba-spain","status":"publish","type":"page","link":"https:\/\/semanasantabraga.com\/en\/priegodecordoba-spain\/","title":{"rendered":"Priego de C\u00f3rdoba, Spain"},"content":{"rendered":"<p><strong>PHOTO 1<\/strong><\/p>\n<p>&nbsp;<\/p>\n<p><em>Author<\/em>: Maril\u00f3 Vigo, Caminos de Pasi\u00f3n\u00a0<\/p>\n<p>&nbsp;<\/p>\n<p>One of the most outstanding performances in Priego de C\u00f3rdoba is the ceremony of foot washing that takes place on the evening of Holy Wednesday in the Plaza de la Constitucion by the Hermandad de Nuestro Padre Jes\u00fas en la Columna (Brotherhood of Our Father Jesus in the Column). It consists on the Last Supper moment, the Oration at the Garden, Selling and Imprisonment of Jesus. The handwriting of the oldest text is in Latin, with annotations in Castilian. The representation is dramatic and with theatrical effects. The origin of this act is unknown, but in the first books of the archconfraternity of Veracruz in 1674, is already established. Until the middle of the 1950s, the priests represented the apostles of Jesus. Nowadays only the figure of Jesus is represented by a priest. It has been declared a Cultural Heritage Site by UNESCO.<\/p>\n<p>&nbsp;<\/p>\n<p>&nbsp;<\/p>\n<p>&nbsp;<\/p>\n<p><strong>PHOTO 2<\/strong><\/p>\n<p>&nbsp;<\/p>\n<p><em>Author<\/em>: Maril\u00f3 Vigo, Caminos de Pasi\u00f3n<\/p>\n<p>&nbsp;<\/p>\n<p>A unique feature of Holy Week in Priego de C\u00f3rdoba are the brothers who do their penitence by carrying large wooden crosses in the procession behind the religious litters. In the photograph we can see the brothers of the Hermandad de los Dolores, founded in 1689, whose patron is the Cristo de la Buena Muerte (Christ of Good Death) and which carries out its penitential momment on Easter Monday and\u00a0 in the morning of the Holy Friday.<\/p>\n<p>&nbsp;<\/p>\n<p>&nbsp;<\/p>\n<p>&nbsp;<\/p>\n<p><strong>PHOTO 3<\/strong><\/p>\n<p>&nbsp;<\/p>\n<p><em>Author<\/em>: Maril\u00f3 Vigo, Caminos de Pasi\u00f3n\u00a0<\/p>\n<p>&nbsp;<\/p>\n<p>Early morning of the Holy Friday, a small group composed of the Pest\u00ed\u00f1ez and the Bacalao walk through the streets of Priego announcing with their sounds the great day that is coming, a ritual that existed since 1602. The Pest\u00ed\u00f1ez wear a jacket, ankle-length trousers, high boots and are in charge of setting the rhythm with of the drums. The Bacalao, on the other hand, also dresses in a similar way and plays his trumpet loudly.<\/p>\n<p>&nbsp;<\/p>\n<p>&nbsp;<\/p>\n<p>&nbsp;<\/p>\n<p><strong>PHOTO 4<\/strong><\/p>\n<p>&nbsp;<\/p>\n<p><em>Author<\/em>: Tourist Office of Priego de C\u00f3rdoba<\/p>\n<p>&nbsp;<\/p>\n<p>The Real Archicofrad\u00eda de la Precios\u00edsima Sang\u00edsima de Nuestro Se\u00f1or Jesucristo y Nuestra Se\u00f1ora de las Angustias y Nuestro Padre Jes\u00fas en su Descendimiento, founded in 1864 and refounded in 1970, organises on Holy Thursday night this overwhelming ritual of respect and emotion. The brothers walk towards to the body of Jesus and the Virgen de las Angustias. Other brotherhoods, participate in this act such as the Hermandad de la Aurora, Hermandad de la Paz and Hermandad de la Soledad Coronada y Santo Entierro.<\/p>\n<p>&nbsp;<\/p>\n","protected":false},"excerpt":{"rendered":"<p>PHOTO 1 &nbsp; Author: Maril\u00f3 Vigo, Caminos de Pasi\u00f3n\u00a0 &nbsp; One of the most outstanding performances in Priego de C\u00f3rdoba is the ceremony of foot washing that takes place on the evening of Holy Wednesday in the Plaza de la Constitucion by the Hermandad de Nuestro Padre Jes\u00fas en la Columna (Brotherhood of Our Father [&hellip;]<\/p>\n","protected":false},"author":3,"featured_media":0,"parent":0,"menu_order":0,"comment_status":"closed","ping_status":"closed","template":"template-paginaexposicao.php","meta":{"_acf_changed":false,"inline_featured_image":false,"footnotes":""},"class_list":["post-9567","page","type-page","status-publish","hentry"],"acf":{"subtitulo_do_tipo_de_pagina":"Photography exhibition","titulo_do_tipo_de_pagina":"Holy Week","texto_do_tipo_de_pagina":"a European perspective","organizadores":[{"ID":9328,"id":9328,"title":"organizacao","filename":"organizacao.png","filesize":"13732","url":"https:\/\/semanasantabraga.com\/wp-content\/uploads\/2023\/02\/organizacao.png","link":"https:\/\/semanasantabraga.com\/en\/alcalalareal-spain\/organizacao\/","alt":"","author":"12","description":"","caption":"","name":"organizacao","status":"inherit","uploaded_to":9312,"date":"2023-02-28 12:44:56","modified":"2023-02-28 12:44:56","menu_order":0,"mime_type":"image\/png","type":"image","subtype":"png","icon":"https:\/\/semanasantabraga.com\/wp-includes\/images\/media\/default.png","width":180,"height":164,"sizes":{"thumbnail":"https:\/\/semanasantabraga.com\/wp-content\/uploads\/2023\/02\/organizacao.png","thumbnail-width":180,"thumbnail-height":164,"medium":"https:\/\/semanasantabraga.com\/wp-content\/uploads\/2023\/02\/organizacao.png","medium-width":180,"medium-height":164,"medium_large":"https:\/\/semanasantabraga.com\/wp-content\/uploads\/2023\/02\/organizacao.png","medium_large-width":180,"medium_large-height":164,"large":"https:\/\/semanasantabraga.com\/wp-content\/uploads\/2023\/02\/organizacao.png","large-width":180,"large-height":164,"1536x1536":"https:\/\/semanasantabraga.com\/wp-content\/uploads\/2023\/02\/organizacao.png","1536x1536-width":180,"1536x1536-height":164,"2048x2048":"https:\/\/semanasantabraga.com\/wp-content\/uploads\/2023\/02\/organizacao.png","2048x2048-width":180,"2048x2048-height":164}},{"ID":9331,"id":9331,"title":"cabido-se-de-braga","filename":"cabido-se-de-braga.png","filesize":"13412","url":"https:\/\/semanasantabraga.com\/wp-content\/uploads\/2023\/02\/cabido-se-de-braga.png","link":"https:\/\/semanasantabraga.com\/en\/alcalalareal-spain\/cabido-se-de-braga\/","alt":"","author":"12","description":"","caption":"","name":"cabido-se-de-braga","status":"inherit","uploaded_to":9312,"date":"2023-02-28 12:44:58","modified":"2023-02-28 12:44:58","menu_order":0,"mime_type":"image\/png","type":"image","subtype":"png","icon":"https:\/\/semanasantabraga.com\/wp-includes\/images\/media\/default.png","width":90,"height":99,"sizes":{"thumbnail":"https:\/\/semanasantabraga.com\/wp-content\/uploads\/2023\/02\/cabido-se-de-braga.png","thumbnail-width":90,"thumbnail-height":99,"medium":"https:\/\/semanasantabraga.com\/wp-content\/uploads\/2023\/02\/cabido-se-de-braga.png","medium-width":90,"medium-height":99,"medium_large":"https:\/\/semanasantabraga.com\/wp-content\/uploads\/2023\/02\/cabido-se-de-braga.png","medium_large-width":90,"medium_large-height":99,"large":"https:\/\/semanasantabraga.com\/wp-content\/uploads\/2023\/02\/cabido-se-de-braga.png","large-width":90,"large-height":99,"1536x1536":"https:\/\/semanasantabraga.com\/wp-content\/uploads\/2023\/02\/cabido-se-de-braga.png","1536x1536-width":90,"1536x1536-height":99,"2048x2048":"https:\/\/semanasantabraga.com\/wp-content\/uploads\/2023\/02\/cabido-se-de-braga.png","2048x2048-width":90,"2048x2048-height":99}},{"ID":9334,"id":9334,"title":"irmandade-da-misericordia-1","filename":"irmandade-da-misericordia-1.png","filesize":"15724","url":"https:\/\/semanasantabraga.com\/wp-content\/uploads\/2023\/02\/irmandade-da-misericordia-1.png","link":"https:\/\/semanasantabraga.com\/en\/alcalalareal-spain\/irmandade-da-misericordia-1\/","alt":"","author":"12","description":"","caption":"","name":"irmandade-da-misericordia-1","status":"inherit","uploaded_to":9312,"date":"2023-02-28 12:45:00","modified":"2023-02-28 12:45:00","menu_order":0,"mime_type":"image\/png","type":"image","subtype":"png","icon":"https:\/\/semanasantabraga.com\/wp-includes\/images\/media\/default.png","width":83,"height":99,"sizes":{"thumbnail":"https:\/\/semanasantabraga.com\/wp-content\/uploads\/2023\/02\/irmandade-da-misericordia-1.png","thumbnail-width":83,"thumbnail-height":99,"medium":"https:\/\/semanasantabraga.com\/wp-content\/uploads\/2023\/02\/irmandade-da-misericordia-1.png","medium-width":83,"medium-height":99,"medium_large":"https:\/\/semanasantabraga.com\/wp-content\/uploads\/2023\/02\/irmandade-da-misericordia-1.png","medium_large-width":83,"medium_large-height":99,"large":"https:\/\/semanasantabraga.com\/wp-content\/uploads\/2023\/02\/irmandade-da-misericordia-1.png","large-width":83,"large-height":99,"1536x1536":"https:\/\/semanasantabraga.com\/wp-content\/uploads\/2023\/02\/irmandade-da-misericordia-1.png","1536x1536-width":83,"1536x1536-height":99,"2048x2048":"https:\/\/semanasantabraga.com\/wp-content\/uploads\/2023\/02\/irmandade-da-misericordia-1.png","2048x2048-width":83,"2048x2048-height":99}}],"titulo_botao":"Know more","link_externo":"https:\/\/www.holyweekeurope.com\/en\/european-network-of-holy-week-and-easter-celebrations\/"},"yoast_head":"<!-- This site is optimized with the Yoast SEO plugin v27.5 - https:\/\/yoast.com\/product\/yoast-seo-wordpress\/ -->\n<title>Priego de C\u00f3rdoba, Spain - Semana Santa de Braga - S\u00edtio Oficial<\/title>\n<meta name=\"robots\" content=\"index, follow, max-snippet:-1, max-image-preview:large, max-video-preview:-1\" \/>\n<link rel=\"canonical\" href=\"https:\/\/semanasantabraga.com\/en\/priegodecordoba-spain\/\" \/>\n<meta name=\"twitter:card\" content=\"summary_large_image\" \/>\n<meta name=\"twitter:title\" content=\"Priego de C\u00f3rdoba, Spain - Semana Santa de Braga - S\u00edtio Oficial\" \/>\n<meta name=\"twitter:description\" content=\"PHOTO 1 &nbsp; Author: Maril\u00f3 Vigo, Caminos de Pasi\u00f3n\u00a0 &nbsp; One of the most outstanding performances in Priego de C\u00f3rdoba is the ceremony of foot washing that takes place on the evening of Holy Wednesday in the Plaza de la Constitucion by the Hermandad de Nuestro Padre Jes\u00fas en la Columna (Brotherhood of Our Father [&hellip;]\" \/>\n<meta name=\"twitter:label1\" content=\"Est. reading time\" \/>\n\t<meta name=\"twitter:data1\" content=\"3 minutes\" \/>\n<script type=\"application\/ld+json\" class=\"yoast-schema-graph\">{\"@context\":\"https:\\\/\\\/schema.org\",\"@graph\":[{\"@type\":\"WebPage\",\"@id\":\"https:\\\/\\\/semanasantabraga.com\\\/en\\\/priegodecordoba-spain\\\/\",\"url\":\"https:\\\/\\\/semanasantabraga.com\\\/en\\\/priegodecordoba-spain\\\/\",\"name\":\"Priego de C\u00f3rdoba, Spain - Semana Santa de Braga - S\u00edtio Oficial\",\"isPartOf\":{\"@id\":\"https:\\\/\\\/semanasantabraga.com\\\/#website\"},\"datePublished\":\"2023-03-09T17:31:54+00:00\",\"dateModified\":\"2023-03-15T11:44:33+00:00\",\"breadcrumb\":{\"@id\":\"https:\\\/\\\/semanasantabraga.com\\\/en\\\/priegodecordoba-spain\\\/#breadcrumb\"},\"inLanguage\":\"en-US\",\"potentialAction\":[{\"@type\":\"ReadAction\",\"target\":[\"https:\\\/\\\/semanasantabraga.com\\\/en\\\/priegodecordoba-spain\\\/\"]}]},{\"@type\":\"BreadcrumbList\",\"@id\":\"https:\\\/\\\/semanasantabraga.com\\\/en\\\/priegodecordoba-spain\\\/#breadcrumb\",\"itemListElement\":[{\"@type\":\"ListItem\",\"position\":1,\"name\":\"In\u00edcio\",\"item\":\"https:\\\/\\\/semanasantabraga.com\\\/en\\\/\"},{\"@type\":\"ListItem\",\"position\":2,\"name\":\"Priego de C\u00f3rdoba, Spain\"}]},{\"@type\":\"WebSite\",\"@id\":\"https:\\\/\\\/semanasantabraga.com\\\/#website\",\"url\":\"https:\\\/\\\/semanasantabraga.com\\\/\",\"name\":\"Semana Santa de Braga - S\u00edtio Oficial\",\"description\":\"\",\"potentialAction\":[{\"@type\":\"SearchAction\",\"target\":{\"@type\":\"EntryPoint\",\"urlTemplate\":\"https:\\\/\\\/semanasantabraga.com\\\/?s={search_term_string}\"},\"query-input\":{\"@type\":\"PropertyValueSpecification\",\"valueRequired\":true,\"valueName\":\"search_term_string\"}}],\"inLanguage\":\"en-US\"}]}<\/script>\n<!-- \/ Yoast SEO plugin. -->","yoast_head_json":{"title":"Priego de C\u00f3rdoba, Spain - Semana Santa de Braga - S\u00edtio Oficial","robots":{"index":"index","follow":"follow","max-snippet":"max-snippet:-1","max-image-preview":"max-image-preview:large","max-video-preview":"max-video-preview:-1"},"canonical":"https:\/\/semanasantabraga.com\/en\/priegodecordoba-spain\/","twitter_card":"summary_large_image","twitter_title":"Priego de C\u00f3rdoba, Spain - Semana Santa de Braga - S\u00edtio Oficial","twitter_description":"PHOTO 1 &nbsp; Author: Maril\u00f3 Vigo, Caminos de Pasi\u00f3n\u00a0 &nbsp; One of the most outstanding performances in Priego de C\u00f3rdoba is the ceremony of foot washing that takes place on the evening of Holy Wednesday in the Plaza de la Constitucion by the Hermandad de Nuestro Padre Jes\u00fas en la Columna (Brotherhood of Our Father [&hellip;]","twitter_misc":{"Est. reading time":"3 minutes"},"schema":{"@context":"https:\/\/schema.org","@graph":[{"@type":"WebPage","@id":"https:\/\/semanasantabraga.com\/en\/priegodecordoba-spain\/","url":"https:\/\/semanasantabraga.com\/en\/priegodecordoba-spain\/","name":"Priego de C\u00f3rdoba, Spain - Semana Santa de Braga - S\u00edtio Oficial","isPartOf":{"@id":"https:\/\/semanasantabraga.com\/#website"},"datePublished":"2023-03-09T17:31:54+00:00","dateModified":"2023-03-15T11:44:33+00:00","breadcrumb":{"@id":"https:\/\/semanasantabraga.com\/en\/priegodecordoba-spain\/#breadcrumb"},"inLanguage":"en-US","potentialAction":[{"@type":"ReadAction","target":["https:\/\/semanasantabraga.com\/en\/priegodecordoba-spain\/"]}]},{"@type":"BreadcrumbList","@id":"https:\/\/semanasantabraga.com\/en\/priegodecordoba-spain\/#breadcrumb","itemListElement":[{"@type":"ListItem","position":1,"name":"In\u00edcio","item":"https:\/\/semanasantabraga.com\/en\/"},{"@type":"ListItem","position":2,"name":"Priego de C\u00f3rdoba, Spain"}]},{"@type":"WebSite","@id":"https:\/\/semanasantabraga.com\/#website","url":"https:\/\/semanasantabraga.com\/","name":"Semana Santa de Braga - S\u00edtio Oficial","description":"","potentialAction":[{"@type":"SearchAction","target":{"@type":"EntryPoint","urlTemplate":"https:\/\/semanasantabraga.com\/?s={search_term_string}"},"query-input":{"@type":"PropertyValueSpecification","valueRequired":true,"valueName":"search_term_string"}}],"inLanguage":"en-US"}]}},"_links":{"self":[{"href":"https:\/\/semanasantabraga.com\/en\/wp-json\/wp\/v2\/pages\/9567","targetHints":{"allow":["GET"]}}],"collection":[{"href":"https:\/\/semanasantabraga.com\/en\/wp-json\/wp\/v2\/pages"}],"about":[{"href":"https:\/\/semanasantabraga.com\/en\/wp-json\/wp\/v2\/types\/page"}],"author":[{"embeddable":true,"href":"https:\/\/semanasantabraga.com\/en\/wp-json\/wp\/v2\/users\/3"}],"replies":[{"embeddable":true,"href":"https:\/\/semanasantabraga.com\/en\/wp-json\/wp\/v2\/comments?post=9567"}],"version-history":[{"count":1,"href":"https:\/\/semanasantabraga.com\/en\/wp-json\/wp\/v2\/pages\/9567\/revisions"}],"predecessor-version":[{"id":9569,"href":"https:\/\/semanasantabraga.com\/en\/wp-json\/wp\/v2\/pages\/9567\/revisions\/9569"}],"wp:attachment":[{"href":"https:\/\/semanasantabraga.com\/en\/wp-json\/wp\/v2\/media?parent=9567"}],"curies":[{"name":"wp","href":"https:\/\/api.w.org\/{rel}","templated":true}]}}