{"id":9406,"date":"2023-03-08T16:21:33","date_gmt":"2023-03-08T16:21:33","guid":{"rendered":"https:\/\/semanasantabraga.com\/?page_id=9406"},"modified":"2023-03-14T16:10:09","modified_gmt":"2023-03-14T16:10:09","slug":"alcalalareal-espana","status":"publish","type":"page","link":"https:\/\/semanasantabraga.com\/es\/alcalalareal-espana\/","title":{"rendered":"Alcal\u00e1 La Real, Espa\u00f1a"},"content":{"rendered":"<p><strong>FOTOGRAF\u00cdA 1<\/strong><\/p>\n<p>&nbsp;<\/p>\n<p><em>Autor<\/em><strong>: <\/strong>Oficina de Turismo de Alcal\u00e1 la Real<\/p>\n<p>&nbsp;<\/p>\n<p>En la Semana Santa de Alcal\u00e1 la Real se funden pasado y presente, rito y tradici\u00f3n, lo que hace genuina esta manifestaci\u00f3n es el ensamblaje de religiosidad y algarab\u00eda popular, plasmado en los pasos m\u00edmicos, escenificados o pregonados que se suceden en los desfiles procesionales, y que tienen su principal manifestaci\u00f3n en la ma\u00f1ana del Viernes Santo. Este d\u00eda en las calles del centro hist\u00f3rico se escenifica la Pasi\u00f3n mediante los pasos pregonados.<\/p>\n<p>Los pasos m\u00edmicos de Alcal\u00e1 la Real son una fusi\u00f3n de dos tradiciones, los autos y misterios que se representaban con motivo del Corpus y los ingenios, representaciones festivas y religiosas que protagonizaban los gremios locales y que escenificaban historias b\u00edblicas y la vida, pasi\u00f3n y muerte de Cristo. Se realizaban hasta el siglo XVIII en los templos, contribuyendo a difundir la doctrina cat\u00f3lica. El alboroto que provocaban motiv\u00f3 su salida al exterior de las iglesias, utilizando como escenarios tablados de madera. En la actualidad las calles y plazas del centro hist\u00f3rico son el escenario de los pasos pregonados. En la imagen observamos la representaci\u00f3n del arrepentimiento de Judas que se celebra el Viernes Santo.<\/p>\n<p>&nbsp;<\/p>\n<p>&nbsp;<\/p>\n<p>&nbsp;<\/p>\n<p><strong>FOTOGRAF\u00cdA 2<\/strong><\/p>\n<p>&nbsp;<\/p>\n<p><em>Autor<\/em><strong>: <\/strong>Oficina de Turismo de Alcal\u00e1 la Real<\/p>\n<p>&nbsp;<\/p>\n<p>En las Hermandades de los Ap\u00f3stoles y el Ecce Homo, los hermanos visten en los desfiles trajes que representan personajes relacionados con las representaciones m\u00edmicas. Los Ap\u00f3stoles, que observamos en la fotograf\u00eda, visten con estola floreada y t\u00fanica morada, excepto Judas Iscariote, conocido en Alcal\u00e1 la Real como Juillas, que viste de color rojo. Todos llevan el rostro cubierto con rostrillos y peluca. En el caso de Juillas, con melena rubia y careta de expresi\u00f3n esquizofr\u00e9nica.<\/p>\n<p><strong>\u00a0<\/strong><\/p>\n<p>&nbsp;<\/p>\n<p>&nbsp;<\/p>\n<p><strong>FOTOGRAF\u00cdA 3<\/strong><\/p>\n<p>&nbsp;<\/p>\n<p><em>Autor<\/em><strong>: <\/strong>Oficina de Turismo de Alcal\u00e1 la Real<\/p>\n<p>&nbsp;<\/p>\n<p>La Real Cofrad\u00eda del Dulce Nombre de Jes\u00fas y Santa Caridad es la Cofrad\u00eda de penitencia m\u00e1s antigua de Alcal\u00e1 la Real. La antigua imagen, obra atribuida a Jos\u00e9 de Mora, fue destruida en 1936 durante la Guerra Civil, y repuesta en 1939 por otra que tallara Jos\u00e9 Manuel Rodr\u00edguez Fern\u00e1ndez-Andes, escultor sevillano de corta y prestigiosa trayectoria, y costeada por Francisco Serrano del M\u00e1rmol, benefactor de la cofrad\u00eda. Hay datos de su desfile procesional desde los primeros a\u00f1os del siglo XVII, aunque la cofrad\u00eda hab\u00eda sido fundada en 1597. Es, por consiguiente, la m\u00e1s veterana de la Semana Santa.<\/p>\n<p>&nbsp;<\/p>\n<p>&nbsp;<\/p>\n<p>&nbsp;<\/p>\n<p><strong>FOTOGRAF\u00cdA 4<\/strong><\/p>\n<p>&nbsp;<\/p>\n<p><em>Autor<\/em><strong>: <\/strong>Oficina de Turismo de Alcal\u00e1 la Real<\/p>\n<p>&nbsp;<\/p>\n<p>Los cortejos procesionales del domingo de ramos de la Borriquilla y la Virgen de la Estrella, el del martes santo de la Oraci\u00f3n en el Huerto y la Esperanza, o el del Cristo de la Humildad y la Virgen de los Dolores del Jueves Santo, son citas indispensables de la semana de pasi\u00f3n en Alcal\u00e1 la Real. Pero sin duda el m\u00e1s esperado de todos se produce el Viernes Santo por la tarde. El Cristo de la Salud y la Virgen de las Angustias se encuentran cada a\u00f1o en el cruce de la calle Veracruz, en el que constituye otro de los momentos clave de la Semana Santa alcala\u00edna, y se despiden en la calle Real junto al cruce con la calle Mart\u00ednez Monta\u00f1\u00e9s. Es importante resaltar que esta calle lleva el nombre del considerado \u2018Dios de la madera\u2019. Monta\u00f1\u00e9s, imaginero del siglo XVI, cre\u00f3 escuela en Sevilla tras formarse en el taller del maestro Pablo de Rojas. Alcal\u00e1 la Real tiene el honor de ser la cuna de nacimiento de ambos, considerados los imagineros m\u00e1s prestigiosos de Andaluc\u00eda.<\/p>\n<p>&nbsp;<\/p>\n","protected":false},"excerpt":{"rendered":"<p>FOTOGRAF\u00cdA 1 &nbsp; Autor: Oficina de Turismo de Alcal\u00e1 la Real &nbsp; En la Semana Santa de Alcal\u00e1 la Real se funden pasado y presente, rito y tradici\u00f3n, lo que hace genuina esta manifestaci\u00f3n es el ensamblaje de religiosidad y algarab\u00eda popular, plasmado en los pasos m\u00edmicos, escenificados o pregonados que se suceden en los [&hellip;]<\/p>\n","protected":false},"author":3,"featured_media":0,"parent":0,"menu_order":16,"comment_status":"closed","ping_status":"closed","template":"template-paginaexposicao.php","meta":{"_acf_changed":false,"inline_featured_image":false,"footnotes":""},"class_list":["post-9406","page","type-page","status-publish","hentry"],"acf":{"subtitulo_do_tipo_de_pagina":"Exposici\u00f3n de fotograf\u00eda","titulo_do_tipo_de_pagina":"Semana Santa, una perspetiva europea","texto_do_tipo_de_pagina":"","titulo_botao":"Saber mas","link_externo":"https:\/\/www.holyweekeurope.com\/","organizadores":[{"ID":9363,"id":9363,"title":"Braga - Cidade Aut\u00eantica","filename":"1.jpg","filesize":"9081","url":"https:\/\/semanasantabraga.com\/wp-content\/uploads\/2023\/03\/1.jpg","link":"https:\/\/semanasantabraga.com\/es\/ecija-espana\/attachment\/1\/","alt":"","author":"12","description":"","caption":"","name":"1","status":"inherit","uploaded_to":9345,"date":"2023-03-01 15:36:41","modified":"2023-03-01 15:41:10","menu_order":0,"mime_type":"image\/jpeg","type":"image","subtype":"jpeg","icon":"https:\/\/semanasantabraga.com\/wp-includes\/images\/media\/default.png","width":103,"height":123,"sizes":{"thumbnail":"https:\/\/semanasantabraga.com\/wp-content\/uploads\/2023\/03\/1.jpg","thumbnail-width":103,"thumbnail-height":123,"medium":"https:\/\/semanasantabraga.com\/wp-content\/uploads\/2023\/03\/1.jpg","medium-width":103,"medium-height":123,"medium_large":"https:\/\/semanasantabraga.com\/wp-content\/uploads\/2023\/03\/1.jpg","medium_large-width":103,"medium_large-height":123,"large":"https:\/\/semanasantabraga.com\/wp-content\/uploads\/2023\/03\/1.jpg","large-width":103,"large-height":123,"1536x1536":"https:\/\/semanasantabraga.com\/wp-content\/uploads\/2023\/03\/1.jpg","1536x1536-width":103,"1536x1536-height":123,"2048x2048":"https:\/\/semanasantabraga.com\/wp-content\/uploads\/2023\/03\/1.jpg","2048x2048-width":103,"2048x2048-height":123}},{"ID":9360,"id":9360,"title":"Comiss\u00e3o da Quaresma e Solenidades da Semana Santa de Braga","filename":"2.jpg","filesize":"9238","url":"https:\/\/semanasantabraga.com\/wp-content\/uploads\/2023\/03\/2.jpg","link":"https:\/\/semanasantabraga.com\/es\/ecija-espana\/attachment\/2\/","alt":"","author":"12","description":"","caption":"","name":"2","status":"inherit","uploaded_to":9345,"date":"2023-03-01 15:36:40","modified":"2023-03-01 15:40:55","menu_order":0,"mime_type":"image\/jpeg","type":"image","subtype":"jpeg","icon":"https:\/\/semanasantabraga.com\/wp-includes\/images\/media\/default.png","width":136,"height":123,"sizes":{"thumbnail":"https:\/\/semanasantabraga.com\/wp-content\/uploads\/2023\/03\/2.jpg","thumbnail-width":136,"thumbnail-height":123,"medium":"https:\/\/semanasantabraga.com\/wp-content\/uploads\/2023\/03\/2.jpg","medium-width":136,"medium-height":123,"medium_large":"https:\/\/semanasantabraga.com\/wp-content\/uploads\/2023\/03\/2.jpg","medium_large-width":136,"medium_large-height":123,"large":"https:\/\/semanasantabraga.com\/wp-content\/uploads\/2023\/03\/2.jpg","large-width":136,"large-height":123,"1536x1536":"https:\/\/semanasantabraga.com\/wp-content\/uploads\/2023\/03\/2.jpg","1536x1536-width":136,"1536x1536-height":123,"2048x2048":"https:\/\/semanasantabraga.com\/wp-content\/uploads\/2023\/03\/2.jpg","2048x2048-width":136,"2048x2048-height":123}},{"ID":9357,"id":9357,"title":"Rede Europeia de Celebra\u00e7\u00f5es da Semana Santa e P\u00e1scoa","filename":"3.jpg","filesize":"20989","url":"https:\/\/semanasantabraga.com\/wp-content\/uploads\/2023\/03\/3.jpg","link":"https:\/\/semanasantabraga.com\/es\/ecija-espana\/attachment\/3\/","alt":"","author":"12","description":"","caption":"","name":"3","status":"inherit","uploaded_to":9345,"date":"2023-03-01 15:36:38","modified":"2023-03-01 15:41:35","menu_order":0,"mime_type":"image\/jpeg","type":"image","subtype":"jpeg","icon":"https:\/\/semanasantabraga.com\/wp-includes\/images\/media\/default.png","width":270,"height":123,"sizes":{"thumbnail":"https:\/\/semanasantabraga.com\/wp-content\/uploads\/2023\/03\/3.jpg","thumbnail-width":270,"thumbnail-height":123,"medium":"https:\/\/semanasantabraga.com\/wp-content\/uploads\/2023\/03\/3.jpg","medium-width":270,"medium-height":123,"medium_large":"https:\/\/semanasantabraga.com\/wp-content\/uploads\/2023\/03\/3.jpg","medium_large-width":270,"medium_large-height":123,"large":"https:\/\/semanasantabraga.com\/wp-content\/uploads\/2023\/03\/3.jpg","large-width":270,"large-height":123,"1536x1536":"https:\/\/semanasantabraga.com\/wp-content\/uploads\/2023\/03\/3.jpg","1536x1536-width":270,"1536x1536-height":123,"2048x2048":"https:\/\/semanasantabraga.com\/wp-content\/uploads\/2023\/03\/3.jpg","2048x2048-width":270,"2048x2048-height":123}}]},"yoast_head":"<!-- This site is optimized with the Yoast SEO plugin v27.5 - https:\/\/yoast.com\/product\/yoast-seo-wordpress\/ -->\n<title>Alcal\u00e1 La Real, Espa\u00f1a - Semana Santa de Braga - S\u00edtio Oficial<\/title>\n<meta name=\"robots\" content=\"index, follow, max-snippet:-1, max-image-preview:large, max-video-preview:-1\" \/>\n<link rel=\"canonical\" href=\"https:\/\/semanasantabraga.com\/es\/alcalalareal-espana\/\" \/>\n<meta name=\"twitter:card\" content=\"summary_large_image\" \/>\n<meta name=\"twitter:title\" content=\"Alcal\u00e1 La Real, Espa\u00f1a - Semana Santa de Braga - S\u00edtio Oficial\" \/>\n<meta name=\"twitter:description\" content=\"FOTOGRAF\u00cdA 1 &nbsp; Autor: Oficina de Turismo de Alcal\u00e1 la Real &nbsp; En la Semana Santa de Alcal\u00e1 la Real se funden pasado y presente, rito y tradici\u00f3n, lo que hace genuina esta manifestaci\u00f3n es el ensamblaje de religiosidad y algarab\u00eda popular, plasmado en los pasos m\u00edmicos, escenificados o pregonados que se suceden en los [&hellip;]\" \/>\n<meta name=\"twitter:label1\" content=\"Tiempo de lectura\" \/>\n\t<meta name=\"twitter:data1\" content=\"4 minutos\" \/>\n<script type=\"application\/ld+json\" class=\"yoast-schema-graph\">{\"@context\":\"https:\\\/\\\/schema.org\",\"@graph\":[{\"@type\":\"WebPage\",\"@id\":\"https:\\\/\\\/semanasantabraga.com\\\/es\\\/alcalalareal-espana\\\/\",\"url\":\"https:\\\/\\\/semanasantabraga.com\\\/es\\\/alcalalareal-espana\\\/\",\"name\":\"Alcal\u00e1 La Real, Espa\u00f1a - Semana Santa de Braga - S\u00edtio Oficial\",\"isPartOf\":{\"@id\":\"https:\\\/\\\/semanasantabraga.com\\\/#website\"},\"datePublished\":\"2023-03-08T16:21:33+00:00\",\"dateModified\":\"2023-03-14T16:10:09+00:00\",\"breadcrumb\":{\"@id\":\"https:\\\/\\\/semanasantabraga.com\\\/es\\\/alcalalareal-espana\\\/#breadcrumb\"},\"inLanguage\":\"es\",\"potentialAction\":[{\"@type\":\"ReadAction\",\"target\":[\"https:\\\/\\\/semanasantabraga.com\\\/es\\\/alcalalareal-espana\\\/\"]}]},{\"@type\":\"BreadcrumbList\",\"@id\":\"https:\\\/\\\/semanasantabraga.com\\\/es\\\/alcalalareal-espana\\\/#breadcrumb\",\"itemListElement\":[{\"@type\":\"ListItem\",\"position\":1,\"name\":\"In\u00edcio\",\"item\":\"https:\\\/\\\/semanasantabraga.com\\\/es\\\/\"},{\"@type\":\"ListItem\",\"position\":2,\"name\":\"Alcal\u00e1 La Real, Espa\u00f1a\"}]},{\"@type\":\"WebSite\",\"@id\":\"https:\\\/\\\/semanasantabraga.com\\\/#website\",\"url\":\"https:\\\/\\\/semanasantabraga.com\\\/\",\"name\":\"Semana Santa de Braga - S\u00edtio Oficial\",\"description\":\"\",\"potentialAction\":[{\"@type\":\"SearchAction\",\"target\":{\"@type\":\"EntryPoint\",\"urlTemplate\":\"https:\\\/\\\/semanasantabraga.com\\\/?s={search_term_string}\"},\"query-input\":{\"@type\":\"PropertyValueSpecification\",\"valueRequired\":true,\"valueName\":\"search_term_string\"}}],\"inLanguage\":\"es\"}]}<\/script>\n<!-- \/ Yoast SEO plugin. -->","yoast_head_json":{"title":"Alcal\u00e1 La Real, Espa\u00f1a - Semana Santa de Braga - S\u00edtio Oficial","robots":{"index":"index","follow":"follow","max-snippet":"max-snippet:-1","max-image-preview":"max-image-preview:large","max-video-preview":"max-video-preview:-1"},"canonical":"https:\/\/semanasantabraga.com\/es\/alcalalareal-espana\/","twitter_card":"summary_large_image","twitter_title":"Alcal\u00e1 La Real, Espa\u00f1a - Semana Santa de Braga - S\u00edtio Oficial","twitter_description":"FOTOGRAF\u00cdA 1 &nbsp; Autor: Oficina de Turismo de Alcal\u00e1 la Real &nbsp; En la Semana Santa de Alcal\u00e1 la Real se funden pasado y presente, rito y tradici\u00f3n, lo que hace genuina esta manifestaci\u00f3n es el ensamblaje de religiosidad y algarab\u00eda popular, plasmado en los pasos m\u00edmicos, escenificados o pregonados que se suceden en los [&hellip;]","twitter_misc":{"Tiempo de lectura":"4 minutos"},"schema":{"@context":"https:\/\/schema.org","@graph":[{"@type":"WebPage","@id":"https:\/\/semanasantabraga.com\/es\/alcalalareal-espana\/","url":"https:\/\/semanasantabraga.com\/es\/alcalalareal-espana\/","name":"Alcal\u00e1 La Real, Espa\u00f1a - Semana Santa de Braga - S\u00edtio Oficial","isPartOf":{"@id":"https:\/\/semanasantabraga.com\/#website"},"datePublished":"2023-03-08T16:21:33+00:00","dateModified":"2023-03-14T16:10:09+00:00","breadcrumb":{"@id":"https:\/\/semanasantabraga.com\/es\/alcalalareal-espana\/#breadcrumb"},"inLanguage":"es","potentialAction":[{"@type":"ReadAction","target":["https:\/\/semanasantabraga.com\/es\/alcalalareal-espana\/"]}]},{"@type":"BreadcrumbList","@id":"https:\/\/semanasantabraga.com\/es\/alcalalareal-espana\/#breadcrumb","itemListElement":[{"@type":"ListItem","position":1,"name":"In\u00edcio","item":"https:\/\/semanasantabraga.com\/es\/"},{"@type":"ListItem","position":2,"name":"Alcal\u00e1 La Real, Espa\u00f1a"}]},{"@type":"WebSite","@id":"https:\/\/semanasantabraga.com\/#website","url":"https:\/\/semanasantabraga.com\/","name":"Semana Santa de Braga - S\u00edtio Oficial","description":"","potentialAction":[{"@type":"SearchAction","target":{"@type":"EntryPoint","urlTemplate":"https:\/\/semanasantabraga.com\/?s={search_term_string}"},"query-input":{"@type":"PropertyValueSpecification","valueRequired":true,"valueName":"search_term_string"}}],"inLanguage":"es"}]}},"_links":{"self":[{"href":"https:\/\/semanasantabraga.com\/es\/wp-json\/wp\/v2\/pages\/9406","targetHints":{"allow":["GET"]}}],"collection":[{"href":"https:\/\/semanasantabraga.com\/es\/wp-json\/wp\/v2\/pages"}],"about":[{"href":"https:\/\/semanasantabraga.com\/es\/wp-json\/wp\/v2\/types\/page"}],"author":[{"embeddable":true,"href":"https:\/\/semanasantabraga.com\/es\/wp-json\/wp\/v2\/users\/3"}],"replies":[{"embeddable":true,"href":"https:\/\/semanasantabraga.com\/es\/wp-json\/wp\/v2\/comments?post=9406"}],"version-history":[{"count":3,"href":"https:\/\/semanasantabraga.com\/es\/wp-json\/wp\/v2\/pages\/9406\/revisions"}],"predecessor-version":[{"id":9472,"href":"https:\/\/semanasantabraga.com\/es\/wp-json\/wp\/v2\/pages\/9406\/revisions\/9472"}],"wp:attachment":[{"href":"https:\/\/semanasantabraga.com\/es\/wp-json\/wp\/v2\/media?parent=9406"}],"curies":[{"name":"wp","href":"https:\/\/api.w.org\/{rel}","templated":true}]}}