{"id":9428,"date":"2023-03-08T17:00:53","date_gmt":"2023-03-08T17:00:53","guid":{"rendered":"https:\/\/semanasantabraga.com\/?page_id=9428"},"modified":"2023-03-09T12:59:05","modified_gmt":"2023-03-09T12:59:05","slug":"cabra-espana","status":"publish","type":"page","link":"https:\/\/semanasantabraga.com\/es\/cabra-espana\/","title":{"rendered":"Cabra, Espa\u00f1a"},"content":{"rendered":"<p><strong>FOTOGRAF\u00cdA 1<\/strong><\/p>\n<p>&nbsp;<\/p>\n<p><em>Autor<\/em>: Mateo Olaya Mar\u00edn<\/p>\n<p>&nbsp;<\/p>\n<p>Con poco m\u00e1s de 20.000 habitantes, la localidad de Cabra cuenta con m\u00e1s de una veintena de hermandades. En la imagen, observamos a la Hermandad y Cofrad\u00eda de Nuestra Se\u00f1ora de las Angustias bajando por la calle Jos\u00e9 de Silva, en la tarde-noche del Viernes Santo, con su caracter\u00edstico cortejo de mantillas precediendo el paso. El extraordinario grupo escult\u00f3rico de Nuestra Se\u00f1ora de las Angustias llega a Cabra procedente de Granada el 21 de noviembre de 1697 y est\u00e1 atribuido al gran imaginero Jos\u00e9 de Mora. La imagen del Cristo est\u00e1 considerada como una de las mejores tallas del barroco andaluz. El arte de los mejores imagineros de los siglos XVII y XVIII dej\u00f3 en Cabra su impronta en obras de marcado inter\u00e9s art\u00edstico y devocional. Obras de bulto, de vestir, exentas o conjuntos que responden a las trazas de Jos\u00e9 de Mora, Pedro de Mena, Francisco Salzillo, Pablo de Rojas e incluso al c\u00edrculo de Mart\u00ednez Monta\u00f1\u00e9s.<\/p>\n<p>&nbsp;<\/p>\n<p>&nbsp;<\/p>\n<p>&nbsp;<\/p>\n<p><strong>FOTOGRAF\u00cdA 2<\/strong><\/p>\n<p>&nbsp;<\/p>\n<p><em>Autor<\/em>: Mateo Olaya Mar\u00edn<\/p>\n<p>&nbsp;<\/p>\n<p>La imagen de Nuestro Padre Jes\u00fas de la Humildad y Prisi\u00f3n (vulgo Jes\u00fas Preso) ha sido siempre muy venerada, de lo que deriva su apelativo popular \u2018Se\u00f1or de las Multitudes\u2019. La estampa que observamos en la fotograf\u00eda, bajando por la calle Mayor tras su salida de la Parroquia de Nuestra Se\u00f1ora de la Asunci\u00f3n y \u00c1ngeles, es uno de los momentos m\u00e1s esperados de la Semana Santa egabrense. La talla se atribuye al artista Nicol\u00e1s Salzillo y descansa sobre una peana barroca de madera tallada y sobredorada, ornamentada con querubines del siglo XVIII. La cofrad\u00eda de Jes\u00fas Preso, fundada en 1664, conserva elementos muy ricos que son a su vez caracter\u00edsticos de la Semana Santa de Cabra, entre los que destaca conservar el modo de procesionar la imagen a hombros de los tradicionales jud\u00edos.<\/p>\n<p>&nbsp;<\/p>\n<p>&nbsp;<\/p>\n<p>&nbsp;<\/p>\n<p><strong>FOTOGRAF\u00cdA 3<\/strong><\/p>\n<p><strong>\u00a0<\/strong><\/p>\n<p><em>Autor<\/em>: Vicente Rodr\u00edguez Le\u00f3n<\/p>\n<p>&nbsp;<\/p>\n<p>Como reminiscencias de la antigua Semana Santa egabrense, encontramos el grupo de los Ap\u00f3stoles que acompa\u00f1an el paso de Nuestro Padre Jes\u00fas Nazareno la ma\u00f1ana del Viernes Santo. La fundaci\u00f3n d esta Hermandad data del a\u00f1o 1586, siendo su titular tallado durante el siglo XVII. A su paso por la plaza Vieja, el imponente paso del Se\u00f1or puede contemplarse en uno de los enclaves m\u00e1s emblem\u00e1ticos de la Semana Santa de Cabra, desde el que se observa una bella estampa con la torre de la Asunci\u00f3n y \u00c1ngeles rodeada por un centenario bosque de palmera.<\/p>\n<p><strong>\u00a0<\/strong><\/p>\n<p><strong>\u00a0<\/strong><\/p>\n<p><strong>\u00a0<\/strong><\/p>\n<p><strong>FOTOGRAF\u00cdA 4<\/strong><\/p>\n<p>&nbsp;<\/p>\n<p><em>Autor<\/em>: Mateo Olaya Mar\u00edn<\/p>\n<p>&nbsp;<\/p>\n<p>La solemnidad \u00a0y la seriedad de los cortejos en los desfiles procesionales de la Semana Santa de Cabra es su especial se\u00f1a de identidad. Hermanos de vela, ac\u00f3litos, mantillas, penitentes y los propios costaleros, encargados de portar los pasos, se dan cita en cada desfile portando la cruz de gu\u00eda, estandartes e insignias de la Hermandad, elaborados con ricos y ancestrales bordados\u00a0 y desfilando con estrictos protocolos que suceden durante toda la Semana. En la imagen, observamos el cortejo procesional de la Hermandad de Nuestro Padre Jes\u00fas de la Humildad y Paciencia, obra del siglo XVII perteneciente a la escuela de Mart\u00ednez Monta\u00f1\u00e9s\u00a0 que procesiona cada Viernes Santo. Transcurre por una de las calles m\u00e1s se\u00f1oriales de Cabra, la calle \u00a0Dionisio Alcal\u00e1 Galiano, pr\u00f3xima a la Carrera Oficial del municipio por donde cada Semana Santa desfilan todos los pasos procesionales.<\/p>\n<p>&nbsp;<\/p>\n<p>&nbsp;<\/p>\n<p>&nbsp;<\/p>\n<p><strong>FOTOGRAF\u00cdA 5<\/strong><\/p>\n<p><strong>\u00a0<\/strong><\/p>\n<p><em>Autor<\/em>: Mateo Olaya Mar\u00edn<\/p>\n<p>&nbsp;<\/p>\n<p>Entre el patrimonio sonoro de la Semana Santa de Cabra, destaca el a\u00f1afil o abejorro. Se trata de un tipo de trompeta recta y alargada que se usa para indicar que se levanta el paso y se reanuda la marcha. Tambi\u00e9n se toca el a\u00f1afil al t\u00e9rmino de una saeta. Los a\u00f1afiles llevan la t\u00fanica de la hermandad donde interpretan su toque y, normalmente, se sit\u00faan delante del paso. Existe una asociaci\u00f3n cultural en Cabra que vela por su conservaci\u00f3n y difusi\u00f3n. Tambi\u00e9n destaca en la Semana Santa egabrense la saeta local, interpretada desde los balcones o a pie de calle para cantar una plegaria a la imagen del Cristo o la Virgen durante su desfile procesional. Por \u00faltimo, destacar el toque de tambor denominado rompevelos se lleva a cabo cada madrugada del Viernes Santo<\/p>\n<p>&nbsp;<\/p>\n","protected":false},"excerpt":{"rendered":"<p>FOTOGRAF\u00cdA 1 &nbsp; Autor: Mateo Olaya Mar\u00edn &nbsp; Con poco m\u00e1s de 20.000 habitantes, la localidad de Cabra cuenta con m\u00e1s de una veintena de hermandades. En la imagen, observamos a la Hermandad y Cofrad\u00eda de Nuestra Se\u00f1ora de las Angustias bajando por la calle Jos\u00e9 de Silva, en la tarde-noche del Viernes Santo, con [&hellip;]<\/p>\n","protected":false},"author":3,"featured_media":0,"parent":0,"menu_order":12,"comment_status":"closed","ping_status":"closed","template":"template-paginaexposicao.php","meta":{"_acf_changed":false,"inline_featured_image":false,"footnotes":""},"class_list":["post-9428","page","type-page","status-publish","hentry"],"acf":{"subtitulo_do_tipo_de_pagina":"Exposici\u00f3n de fotograf\u00eda","titulo_do_tipo_de_pagina":"Semana Santa, una perspetiva europea","texto_do_tipo_de_pagina":"","titulo_botao":"Saber mas","link_externo":"https:\/\/www.holyweekeurope.com\/","organizadores":[{"ID":9363,"id":9363,"title":"Braga - Cidade Aut\u00eantica","filename":"1.jpg","filesize":"9081","url":"https:\/\/semanasantabraga.com\/wp-content\/uploads\/2023\/03\/1.jpg","link":"https:\/\/semanasantabraga.com\/es\/ecija-espana\/attachment\/1\/","alt":"","author":"12","description":"","caption":"","name":"1","status":"inherit","uploaded_to":9345,"date":"2023-03-01 15:36:41","modified":"2023-03-01 15:41:10","menu_order":0,"mime_type":"image\/jpeg","type":"image","subtype":"jpeg","icon":"https:\/\/semanasantabraga.com\/wp-includes\/images\/media\/default.png","width":103,"height":123,"sizes":{"thumbnail":"https:\/\/semanasantabraga.com\/wp-content\/uploads\/2023\/03\/1.jpg","thumbnail-width":103,"thumbnail-height":123,"medium":"https:\/\/semanasantabraga.com\/wp-content\/uploads\/2023\/03\/1.jpg","medium-width":103,"medium-height":123,"medium_large":"https:\/\/semanasantabraga.com\/wp-content\/uploads\/2023\/03\/1.jpg","medium_large-width":103,"medium_large-height":123,"large":"https:\/\/semanasantabraga.com\/wp-content\/uploads\/2023\/03\/1.jpg","large-width":103,"large-height":123,"1536x1536":"https:\/\/semanasantabraga.com\/wp-content\/uploads\/2023\/03\/1.jpg","1536x1536-width":103,"1536x1536-height":123,"2048x2048":"https:\/\/semanasantabraga.com\/wp-content\/uploads\/2023\/03\/1.jpg","2048x2048-width":103,"2048x2048-height":123}},{"ID":9360,"id":9360,"title":"Comiss\u00e3o da Quaresma e Solenidades da Semana Santa de Braga","filename":"2.jpg","filesize":"9238","url":"https:\/\/semanasantabraga.com\/wp-content\/uploads\/2023\/03\/2.jpg","link":"https:\/\/semanasantabraga.com\/es\/ecija-espana\/attachment\/2\/","alt":"","author":"12","description":"","caption":"","name":"2","status":"inherit","uploaded_to":9345,"date":"2023-03-01 15:36:40","modified":"2023-03-01 15:40:55","menu_order":0,"mime_type":"image\/jpeg","type":"image","subtype":"jpeg","icon":"https:\/\/semanasantabraga.com\/wp-includes\/images\/media\/default.png","width":136,"height":123,"sizes":{"thumbnail":"https:\/\/semanasantabraga.com\/wp-content\/uploads\/2023\/03\/2.jpg","thumbnail-width":136,"thumbnail-height":123,"medium":"https:\/\/semanasantabraga.com\/wp-content\/uploads\/2023\/03\/2.jpg","medium-width":136,"medium-height":123,"medium_large":"https:\/\/semanasantabraga.com\/wp-content\/uploads\/2023\/03\/2.jpg","medium_large-width":136,"medium_large-height":123,"large":"https:\/\/semanasantabraga.com\/wp-content\/uploads\/2023\/03\/2.jpg","large-width":136,"large-height":123,"1536x1536":"https:\/\/semanasantabraga.com\/wp-content\/uploads\/2023\/03\/2.jpg","1536x1536-width":136,"1536x1536-height":123,"2048x2048":"https:\/\/semanasantabraga.com\/wp-content\/uploads\/2023\/03\/2.jpg","2048x2048-width":136,"2048x2048-height":123}},{"ID":9357,"id":9357,"title":"Rede Europeia de Celebra\u00e7\u00f5es da Semana Santa e P\u00e1scoa","filename":"3.jpg","filesize":"20989","url":"https:\/\/semanasantabraga.com\/wp-content\/uploads\/2023\/03\/3.jpg","link":"https:\/\/semanasantabraga.com\/es\/ecija-espana\/attachment\/3\/","alt":"","author":"12","description":"","caption":"","name":"3","status":"inherit","uploaded_to":9345,"date":"2023-03-01 15:36:38","modified":"2023-03-01 15:41:35","menu_order":0,"mime_type":"image\/jpeg","type":"image","subtype":"jpeg","icon":"https:\/\/semanasantabraga.com\/wp-includes\/images\/media\/default.png","width":270,"height":123,"sizes":{"thumbnail":"https:\/\/semanasantabraga.com\/wp-content\/uploads\/2023\/03\/3.jpg","thumbnail-width":270,"thumbnail-height":123,"medium":"https:\/\/semanasantabraga.com\/wp-content\/uploads\/2023\/03\/3.jpg","medium-width":270,"medium-height":123,"medium_large":"https:\/\/semanasantabraga.com\/wp-content\/uploads\/2023\/03\/3.jpg","medium_large-width":270,"medium_large-height":123,"large":"https:\/\/semanasantabraga.com\/wp-content\/uploads\/2023\/03\/3.jpg","large-width":270,"large-height":123,"1536x1536":"https:\/\/semanasantabraga.com\/wp-content\/uploads\/2023\/03\/3.jpg","1536x1536-width":270,"1536x1536-height":123,"2048x2048":"https:\/\/semanasantabraga.com\/wp-content\/uploads\/2023\/03\/3.jpg","2048x2048-width":270,"2048x2048-height":123}}]},"yoast_head":"<!-- This site is optimized with the Yoast SEO plugin v27.5 - https:\/\/yoast.com\/product\/yoast-seo-wordpress\/ -->\n<title>Cabra, Espa\u00f1a - Semana Santa de Braga - S\u00edtio Oficial<\/title>\n<meta name=\"robots\" content=\"index, follow, max-snippet:-1, max-image-preview:large, max-video-preview:-1\" \/>\n<link rel=\"canonical\" href=\"https:\/\/semanasantabraga.com\/es\/cabra-espana\/\" \/>\n<meta name=\"twitter:card\" content=\"summary_large_image\" \/>\n<meta name=\"twitter:title\" content=\"Cabra, Espa\u00f1a - Semana Santa de Braga - S\u00edtio Oficial\" \/>\n<meta name=\"twitter:description\" content=\"FOTOGRAF\u00cdA 1 &nbsp; Autor: Mateo Olaya Mar\u00edn &nbsp; Con poco m\u00e1s de 20.000 habitantes, la localidad de Cabra cuenta con m\u00e1s de una veintena de hermandades. En la imagen, observamos a la Hermandad y Cofrad\u00eda de Nuestra Se\u00f1ora de las Angustias bajando por la calle Jos\u00e9 de Silva, en la tarde-noche del Viernes Santo, con [&hellip;]\" \/>\n<meta name=\"twitter:label1\" content=\"Tiempo de lectura\" \/>\n\t<meta name=\"twitter:data1\" content=\"4 minutos\" \/>\n<script type=\"application\/ld+json\" class=\"yoast-schema-graph\">{\"@context\":\"https:\\\/\\\/schema.org\",\"@graph\":[{\"@type\":\"WebPage\",\"@id\":\"https:\\\/\\\/semanasantabraga.com\\\/es\\\/cabra-espana\\\/\",\"url\":\"https:\\\/\\\/semanasantabraga.com\\\/es\\\/cabra-espana\\\/\",\"name\":\"Cabra, Espa\u00f1a - Semana Santa de Braga - S\u00edtio Oficial\",\"isPartOf\":{\"@id\":\"https:\\\/\\\/semanasantabraga.com\\\/#website\"},\"datePublished\":\"2023-03-08T17:00:53+00:00\",\"dateModified\":\"2023-03-09T12:59:05+00:00\",\"breadcrumb\":{\"@id\":\"https:\\\/\\\/semanasantabraga.com\\\/es\\\/cabra-espana\\\/#breadcrumb\"},\"inLanguage\":\"es\",\"potentialAction\":[{\"@type\":\"ReadAction\",\"target\":[\"https:\\\/\\\/semanasantabraga.com\\\/es\\\/cabra-espana\\\/\"]}]},{\"@type\":\"BreadcrumbList\",\"@id\":\"https:\\\/\\\/semanasantabraga.com\\\/es\\\/cabra-espana\\\/#breadcrumb\",\"itemListElement\":[{\"@type\":\"ListItem\",\"position\":1,\"name\":\"In\u00edcio\",\"item\":\"https:\\\/\\\/semanasantabraga.com\\\/es\\\/\"},{\"@type\":\"ListItem\",\"position\":2,\"name\":\"Cabra, Espa\u00f1a\"}]},{\"@type\":\"WebSite\",\"@id\":\"https:\\\/\\\/semanasantabraga.com\\\/#website\",\"url\":\"https:\\\/\\\/semanasantabraga.com\\\/\",\"name\":\"Semana Santa de Braga - S\u00edtio Oficial\",\"description\":\"\",\"potentialAction\":[{\"@type\":\"SearchAction\",\"target\":{\"@type\":\"EntryPoint\",\"urlTemplate\":\"https:\\\/\\\/semanasantabraga.com\\\/?s={search_term_string}\"},\"query-input\":{\"@type\":\"PropertyValueSpecification\",\"valueRequired\":true,\"valueName\":\"search_term_string\"}}],\"inLanguage\":\"es\"}]}<\/script>\n<!-- \/ Yoast SEO plugin. -->","yoast_head_json":{"title":"Cabra, Espa\u00f1a - Semana Santa de Braga - S\u00edtio Oficial","robots":{"index":"index","follow":"follow","max-snippet":"max-snippet:-1","max-image-preview":"max-image-preview:large","max-video-preview":"max-video-preview:-1"},"canonical":"https:\/\/semanasantabraga.com\/es\/cabra-espana\/","twitter_card":"summary_large_image","twitter_title":"Cabra, Espa\u00f1a - Semana Santa de Braga - S\u00edtio Oficial","twitter_description":"FOTOGRAF\u00cdA 1 &nbsp; Autor: Mateo Olaya Mar\u00edn &nbsp; Con poco m\u00e1s de 20.000 habitantes, la localidad de Cabra cuenta con m\u00e1s de una veintena de hermandades. En la imagen, observamos a la Hermandad y Cofrad\u00eda de Nuestra Se\u00f1ora de las Angustias bajando por la calle Jos\u00e9 de Silva, en la tarde-noche del Viernes Santo, con [&hellip;]","twitter_misc":{"Tiempo de lectura":"4 minutos"},"schema":{"@context":"https:\/\/schema.org","@graph":[{"@type":"WebPage","@id":"https:\/\/semanasantabraga.com\/es\/cabra-espana\/","url":"https:\/\/semanasantabraga.com\/es\/cabra-espana\/","name":"Cabra, Espa\u00f1a - Semana Santa de Braga - S\u00edtio Oficial","isPartOf":{"@id":"https:\/\/semanasantabraga.com\/#website"},"datePublished":"2023-03-08T17:00:53+00:00","dateModified":"2023-03-09T12:59:05+00:00","breadcrumb":{"@id":"https:\/\/semanasantabraga.com\/es\/cabra-espana\/#breadcrumb"},"inLanguage":"es","potentialAction":[{"@type":"ReadAction","target":["https:\/\/semanasantabraga.com\/es\/cabra-espana\/"]}]},{"@type":"BreadcrumbList","@id":"https:\/\/semanasantabraga.com\/es\/cabra-espana\/#breadcrumb","itemListElement":[{"@type":"ListItem","position":1,"name":"In\u00edcio","item":"https:\/\/semanasantabraga.com\/es\/"},{"@type":"ListItem","position":2,"name":"Cabra, Espa\u00f1a"}]},{"@type":"WebSite","@id":"https:\/\/semanasantabraga.com\/#website","url":"https:\/\/semanasantabraga.com\/","name":"Semana Santa de Braga - S\u00edtio Oficial","description":"","potentialAction":[{"@type":"SearchAction","target":{"@type":"EntryPoint","urlTemplate":"https:\/\/semanasantabraga.com\/?s={search_term_string}"},"query-input":{"@type":"PropertyValueSpecification","valueRequired":true,"valueName":"search_term_string"}}],"inLanguage":"es"}]}},"_links":{"self":[{"href":"https:\/\/semanasantabraga.com\/es\/wp-json\/wp\/v2\/pages\/9428","targetHints":{"allow":["GET"]}}],"collection":[{"href":"https:\/\/semanasantabraga.com\/es\/wp-json\/wp\/v2\/pages"}],"about":[{"href":"https:\/\/semanasantabraga.com\/es\/wp-json\/wp\/v2\/types\/page"}],"author":[{"embeddable":true,"href":"https:\/\/semanasantabraga.com\/es\/wp-json\/wp\/v2\/users\/3"}],"replies":[{"embeddable":true,"href":"https:\/\/semanasantabraga.com\/es\/wp-json\/wp\/v2\/comments?post=9428"}],"version-history":[{"count":2,"href":"https:\/\/semanasantabraga.com\/es\/wp-json\/wp\/v2\/pages\/9428\/revisions"}],"predecessor-version":[{"id":9477,"href":"https:\/\/semanasantabraga.com\/es\/wp-json\/wp\/v2\/pages\/9428\/revisions\/9477"}],"wp:attachment":[{"href":"https:\/\/semanasantabraga.com\/es\/wp-json\/wp\/v2\/media?parent=9428"}],"curies":[{"name":"wp","href":"https:\/\/api.w.org\/{rel}","templated":true}]}}