{"id":9468,"date":"2023-03-09T12:08:56","date_gmt":"2023-03-09T12:08:56","guid":{"rendered":"https:\/\/semanasantabraga.com\/?page_id=9468"},"modified":"2023-03-09T15:04:30","modified_gmt":"2023-03-09T15:04:30","slug":"osuna-espana","status":"publish","type":"page","link":"https:\/\/semanasantabraga.com\/es\/osuna-espana\/","title":{"rendered":"Osuna, Espa\u00f1a"},"content":{"rendered":"<p><strong>FOTOGRAF\u00cdA 1<\/strong><\/p>\n<p>\n<em>Autor:<\/em>\u00a0Manuel Zurita<\/p>\n<p>&nbsp;<\/p>\n<p>Sin duda, uno de los pasos m\u00e1s singulares que procesionan durante la Semana Santa de Osuna es el Triunfo de la Santa Cruz, conocido popularmente como \u2018La Canina\u2019. Se trata de una alegor\u00eda de la Resurrecci\u00f3n que simboliza la vida, representada por la cruz, y que es vencida por la muerte, presentada en modo de derrota, cabizbaja, reflexionando mientras porta en su mano la guada\u00f1a. Podemos observar tambi\u00e9n, a los pies de la imagen, un texto que reza \u2018O mors ero mors tua\u2019 (Oh muerte, yo ser\u00e9 tu muerte). Se trata de uno de los tres pasos que forman parte del cortejo procesional de la Hermandad del Santo Entierro el S\u00e1bado Santo.<\/p>\n<p>&nbsp;<\/p>\n<p>&nbsp;<\/p>\n<p>&nbsp;<\/p>\n<p><strong>FOTOGRAF\u00cdA 2<\/strong><\/p>\n<p>&nbsp;<\/p>\n<p><em>Autor<\/em>: Pepe Marquina<\/p>\n<p>&nbsp;<\/p>\n<p>La solemnidad es una se\u00f1a de identidad de los cortejos procesionales en Osuna, con una Semana Santa cuyos or\u00edgenes se remontan a mediados del siglo XVI y alrededor de la Orden Franciscana masculina, religiosos mendicantes de gran sentido catequ\u00e9tico y did\u00e1ctico. En la imagen observamos el cortejo que acompa\u00f1a cada madrugada de Jueves Santo al Sant\u00edsimo Cristo de la Misericordia, que procesiona con el \u00fanico acompa\u00f1amiento de un tambor, lo que aporta sobriedad y respeto ceremonial a la Estaci\u00f3n de Penitencia. Se trata de una escultura del insigne imaginero Juan de Mesa, quien esculpi\u00f3 la imagen en 1623 por encargo del can\u00f3nigo de la Colegiata Diego de Ontiveros. Este 2023 se cumple el cuarto centenario de su realizaci\u00f3n. En la imagen la Hermandad de la Misericordia discurre por las naves de la Colegiata de Nuestra Se\u00f1ora de la Asunci\u00f3n, construida en el siglo XVI y una de las fundaciones del IV Conde de Ure\u00f1a.<\/p>\n<p>&nbsp;<\/p>\n<p>&nbsp;<\/p>\n<p>&nbsp;<\/p>\n<p><strong>FOTOGRAF\u00cdA 3<\/strong><\/p>\n<p>&nbsp;<\/p>\n<p><em>Autor<\/em>: Manuel Zurita<\/p>\n<p>&nbsp;<\/p>\n<p>Nuestra Madre y Se\u00f1ora de la Quinta Angustia es la titular mariana de la Hermandad del mismo nombre, que se fund\u00f3 el a\u00f1o 1580. Actualmente hace su Estaci\u00f3n de Penitencia desde la Parroquia de la Victoria. Una de las singularidades de la Semana Santa ursaonense es que las V\u00edrgenes procesionen sin palio y orladas por una r\u00e1faga de plata. Esta pieza, tambi\u00e9n conocida como resplandor, tiene su origen iconogr\u00e1fico en el Apocalipsis, cuando se nos habla, en palabras de San Juan, de \u201cuna Mujer vestida de sol\u201d.<\/p>\n<p>&nbsp;<\/p>\n<p>&nbsp;<\/p>\n<p>&nbsp;<\/p>\n<p><strong>FOTOGRAF\u00cdA 4<\/strong><\/p>\n<p>&nbsp;<\/p>\n<p><em>Autor<\/em>: Manuel Zurita<\/p>\n<p>&nbsp;<\/p>\n<p>Nuestro Padre Jes\u00fas Nazareno es la gran devoci\u00f3n de Osuna. En la ma\u00f1ana del Viernes Santo hace estaci\u00f3n de penitencia a la Colegiata, tradici\u00f3n que han perdido el resto de hermandades y solo conservan las hermandades de la madrugada. Se trata de una obra escult\u00f3rica de primer\u00edsimo nivel que se atribuye al c\u00edrculo de Rold\u00e1n en el \u00faltimo tercio del siglo XVII. En la fotograf\u00eda, apreciamos uno de los momentos m\u00e1s esperados por los ursaonenses: el encuentro de Jes\u00fas junto a su madre, la Virgen de los Dolores, reducto de una ceremonia que se perdi\u00f3 y se ha vuelto a recuperar en 2022: el antiguo y piadoso rito del Serm\u00f3n de Pasi\u00f3n.<\/p>\n<p>&nbsp;<\/p>\n<p>&nbsp;<\/p>\n<p>&nbsp;<\/p>\n<p><strong>FOTOGRAF\u00cdA 5<\/strong><\/p>\n<p>&nbsp;<\/p>\n<p><em>Autor<\/em>: Pepe Marquina<\/p>\n<p>&nbsp;<\/p>\n<p>La Virgen de la Esperanza es titular de la Hermandad de la Vera Cruz, la m\u00e1s antigua de Osuna, pues se fund\u00f3 el a\u00f1o 1545 en el desaparecido Convento Franciscano de Madre de Dios. En su paso procesional la Virgen aparece acompa\u00f1ada de San Juan Evangelista, siendo obras del escultor valenciano Vicente Tena. \u00c9l tambi\u00e9n fue quien ejecut\u00f3 el singular paso, de estilo orientalizante, donde aparecen animales mitol\u00f3gicos que han servido para que popularmente se conozca a la Imagen como \u201cla Virgen de los perritos\u201d. En la fotograf\u00eda vemos la llegada de la Virgen de la Esperanza a la Plaza Mayor tras salvar la estrechez de T\u00eda Mariquita. En este punto cada a\u00f1o se agolpan cientos de fieles para disfrutar de tan bella estampa.<\/p>\n<p>&nbsp;<\/p>\n","protected":false},"excerpt":{"rendered":"<p>FOTOGRAF\u00cdA 1 Autor:\u00a0Manuel Zurita &nbsp; Sin duda, uno de los pasos m\u00e1s singulares que procesionan durante la Semana Santa de Osuna es el Triunfo de la Santa Cruz, conocido popularmente como \u2018La Canina\u2019. Se trata de una alegor\u00eda de la Resurrecci\u00f3n que simboliza la vida, representada por la cruz, y que es vencida por la [&hellip;]<\/p>\n","protected":false},"author":3,"featured_media":0,"parent":0,"menu_order":6,"comment_status":"closed","ping_status":"closed","template":"template-paginaexposicao.php","meta":{"_acf_changed":false,"inline_featured_image":false,"footnotes":""},"class_list":["post-9468","page","type-page","status-publish","hentry"],"acf":{"subtitulo_do_tipo_de_pagina":"Exposici\u00f3n de fotograf\u00eda","titulo_do_tipo_de_pagina":"Semana Santa, una perspetiva europea","texto_do_tipo_de_pagina":"","titulo_botao":"Saber mas","link_externo":"https:\/\/www.holyweekeurope.com\/","organizadores":[{"ID":9363,"id":9363,"title":"Braga - Cidade Aut\u00eantica","filename":"1.jpg","filesize":"9081","url":"https:\/\/semanasantabraga.com\/wp-content\/uploads\/2023\/03\/1.jpg","link":"https:\/\/semanasantabraga.com\/es\/ecija-espana\/attachment\/1\/","alt":"","author":"12","description":"","caption":"","name":"1","status":"inherit","uploaded_to":9345,"date":"2023-03-01 15:36:41","modified":"2023-03-01 15:41:10","menu_order":0,"mime_type":"image\/jpeg","type":"image","subtype":"jpeg","icon":"https:\/\/semanasantabraga.com\/wp-includes\/images\/media\/default.png","width":103,"height":123,"sizes":{"thumbnail":"https:\/\/semanasantabraga.com\/wp-content\/uploads\/2023\/03\/1.jpg","thumbnail-width":103,"thumbnail-height":123,"medium":"https:\/\/semanasantabraga.com\/wp-content\/uploads\/2023\/03\/1.jpg","medium-width":103,"medium-height":123,"medium_large":"https:\/\/semanasantabraga.com\/wp-content\/uploads\/2023\/03\/1.jpg","medium_large-width":103,"medium_large-height":123,"large":"https:\/\/semanasantabraga.com\/wp-content\/uploads\/2023\/03\/1.jpg","large-width":103,"large-height":123,"1536x1536":"https:\/\/semanasantabraga.com\/wp-content\/uploads\/2023\/03\/1.jpg","1536x1536-width":103,"1536x1536-height":123,"2048x2048":"https:\/\/semanasantabraga.com\/wp-content\/uploads\/2023\/03\/1.jpg","2048x2048-width":103,"2048x2048-height":123}},{"ID":9360,"id":9360,"title":"Comiss\u00e3o da Quaresma e Solenidades da Semana Santa de Braga","filename":"2.jpg","filesize":"9238","url":"https:\/\/semanasantabraga.com\/wp-content\/uploads\/2023\/03\/2.jpg","link":"https:\/\/semanasantabraga.com\/es\/ecija-espana\/attachment\/2\/","alt":"","author":"12","description":"","caption":"","name":"2","status":"inherit","uploaded_to":9345,"date":"2023-03-01 15:36:40","modified":"2023-03-01 15:40:55","menu_order":0,"mime_type":"image\/jpeg","type":"image","subtype":"jpeg","icon":"https:\/\/semanasantabraga.com\/wp-includes\/images\/media\/default.png","width":136,"height":123,"sizes":{"thumbnail":"https:\/\/semanasantabraga.com\/wp-content\/uploads\/2023\/03\/2.jpg","thumbnail-width":136,"thumbnail-height":123,"medium":"https:\/\/semanasantabraga.com\/wp-content\/uploads\/2023\/03\/2.jpg","medium-width":136,"medium-height":123,"medium_large":"https:\/\/semanasantabraga.com\/wp-content\/uploads\/2023\/03\/2.jpg","medium_large-width":136,"medium_large-height":123,"large":"https:\/\/semanasantabraga.com\/wp-content\/uploads\/2023\/03\/2.jpg","large-width":136,"large-height":123,"1536x1536":"https:\/\/semanasantabraga.com\/wp-content\/uploads\/2023\/03\/2.jpg","1536x1536-width":136,"1536x1536-height":123,"2048x2048":"https:\/\/semanasantabraga.com\/wp-content\/uploads\/2023\/03\/2.jpg","2048x2048-width":136,"2048x2048-height":123}},{"ID":9357,"id":9357,"title":"Rede Europeia de Celebra\u00e7\u00f5es da Semana Santa e P\u00e1scoa","filename":"3.jpg","filesize":"20989","url":"https:\/\/semanasantabraga.com\/wp-content\/uploads\/2023\/03\/3.jpg","link":"https:\/\/semanasantabraga.com\/es\/ecija-espana\/attachment\/3\/","alt":"","author":"12","description":"","caption":"","name":"3","status":"inherit","uploaded_to":9345,"date":"2023-03-01 15:36:38","modified":"2023-03-01 15:41:35","menu_order":0,"mime_type":"image\/jpeg","type":"image","subtype":"jpeg","icon":"https:\/\/semanasantabraga.com\/wp-includes\/images\/media\/default.png","width":270,"height":123,"sizes":{"thumbnail":"https:\/\/semanasantabraga.com\/wp-content\/uploads\/2023\/03\/3.jpg","thumbnail-width":270,"thumbnail-height":123,"medium":"https:\/\/semanasantabraga.com\/wp-content\/uploads\/2023\/03\/3.jpg","medium-width":270,"medium-height":123,"medium_large":"https:\/\/semanasantabraga.com\/wp-content\/uploads\/2023\/03\/3.jpg","medium_large-width":270,"medium_large-height":123,"large":"https:\/\/semanasantabraga.com\/wp-content\/uploads\/2023\/03\/3.jpg","large-width":270,"large-height":123,"1536x1536":"https:\/\/semanasantabraga.com\/wp-content\/uploads\/2023\/03\/3.jpg","1536x1536-width":270,"1536x1536-height":123,"2048x2048":"https:\/\/semanasantabraga.com\/wp-content\/uploads\/2023\/03\/3.jpg","2048x2048-width":270,"2048x2048-height":123}}]},"yoast_head":"<!-- This site is optimized with the Yoast SEO plugin v27.5 - https:\/\/yoast.com\/product\/yoast-seo-wordpress\/ -->\n<title>Osuna, Espa\u00f1a - Semana Santa de Braga - S\u00edtio Oficial<\/title>\n<meta name=\"robots\" content=\"index, follow, max-snippet:-1, max-image-preview:large, max-video-preview:-1\" \/>\n<link rel=\"canonical\" href=\"https:\/\/semanasantabraga.com\/es\/osuna-espana\/\" \/>\n<meta name=\"twitter:card\" content=\"summary_large_image\" \/>\n<meta name=\"twitter:title\" content=\"Osuna, Espa\u00f1a - Semana Santa de Braga - S\u00edtio Oficial\" \/>\n<meta name=\"twitter:description\" content=\"FOTOGRAF\u00cdA 1 Autor:\u00a0Manuel Zurita &nbsp; Sin duda, uno de los pasos m\u00e1s singulares que procesionan durante la Semana Santa de Osuna es el Triunfo de la Santa Cruz, conocido popularmente como \u2018La Canina\u2019. Se trata de una alegor\u00eda de la Resurrecci\u00f3n que simboliza la vida, representada por la cruz, y que es vencida por la [&hellip;]\" \/>\n<meta name=\"twitter:label1\" content=\"Tiempo de lectura\" \/>\n\t<meta name=\"twitter:data1\" content=\"4 minutos\" \/>\n<script type=\"application\/ld+json\" class=\"yoast-schema-graph\">{\"@context\":\"https:\\\/\\\/schema.org\",\"@graph\":[{\"@type\":\"WebPage\",\"@id\":\"https:\\\/\\\/semanasantabraga.com\\\/es\\\/osuna-espana\\\/\",\"url\":\"https:\\\/\\\/semanasantabraga.com\\\/es\\\/osuna-espana\\\/\",\"name\":\"Osuna, Espa\u00f1a - Semana Santa de Braga - S\u00edtio Oficial\",\"isPartOf\":{\"@id\":\"https:\\\/\\\/semanasantabraga.com\\\/#website\"},\"datePublished\":\"2023-03-09T12:08:56+00:00\",\"dateModified\":\"2023-03-09T15:04:30+00:00\",\"breadcrumb\":{\"@id\":\"https:\\\/\\\/semanasantabraga.com\\\/es\\\/osuna-espana\\\/#breadcrumb\"},\"inLanguage\":\"es\",\"potentialAction\":[{\"@type\":\"ReadAction\",\"target\":[\"https:\\\/\\\/semanasantabraga.com\\\/es\\\/osuna-espana\\\/\"]}]},{\"@type\":\"BreadcrumbList\",\"@id\":\"https:\\\/\\\/semanasantabraga.com\\\/es\\\/osuna-espana\\\/#breadcrumb\",\"itemListElement\":[{\"@type\":\"ListItem\",\"position\":1,\"name\":\"In\u00edcio\",\"item\":\"https:\\\/\\\/semanasantabraga.com\\\/es\\\/\"},{\"@type\":\"ListItem\",\"position\":2,\"name\":\"Osuna, Espa\u00f1a\"}]},{\"@type\":\"WebSite\",\"@id\":\"https:\\\/\\\/semanasantabraga.com\\\/#website\",\"url\":\"https:\\\/\\\/semanasantabraga.com\\\/\",\"name\":\"Semana Santa de Braga - S\u00edtio Oficial\",\"description\":\"\",\"potentialAction\":[{\"@type\":\"SearchAction\",\"target\":{\"@type\":\"EntryPoint\",\"urlTemplate\":\"https:\\\/\\\/semanasantabraga.com\\\/?s={search_term_string}\"},\"query-input\":{\"@type\":\"PropertyValueSpecification\",\"valueRequired\":true,\"valueName\":\"search_term_string\"}}],\"inLanguage\":\"es\"}]}<\/script>\n<!-- \/ Yoast SEO plugin. -->","yoast_head_json":{"title":"Osuna, Espa\u00f1a - Semana Santa de Braga - S\u00edtio Oficial","robots":{"index":"index","follow":"follow","max-snippet":"max-snippet:-1","max-image-preview":"max-image-preview:large","max-video-preview":"max-video-preview:-1"},"canonical":"https:\/\/semanasantabraga.com\/es\/osuna-espana\/","twitter_card":"summary_large_image","twitter_title":"Osuna, Espa\u00f1a - Semana Santa de Braga - S\u00edtio Oficial","twitter_description":"FOTOGRAF\u00cdA 1 Autor:\u00a0Manuel Zurita &nbsp; Sin duda, uno de los pasos m\u00e1s singulares que procesionan durante la Semana Santa de Osuna es el Triunfo de la Santa Cruz, conocido popularmente como \u2018La Canina\u2019. Se trata de una alegor\u00eda de la Resurrecci\u00f3n que simboliza la vida, representada por la cruz, y que es vencida por la [&hellip;]","twitter_misc":{"Tiempo de lectura":"4 minutos"},"schema":{"@context":"https:\/\/schema.org","@graph":[{"@type":"WebPage","@id":"https:\/\/semanasantabraga.com\/es\/osuna-espana\/","url":"https:\/\/semanasantabraga.com\/es\/osuna-espana\/","name":"Osuna, Espa\u00f1a - Semana Santa de Braga - S\u00edtio Oficial","isPartOf":{"@id":"https:\/\/semanasantabraga.com\/#website"},"datePublished":"2023-03-09T12:08:56+00:00","dateModified":"2023-03-09T15:04:30+00:00","breadcrumb":{"@id":"https:\/\/semanasantabraga.com\/es\/osuna-espana\/#breadcrumb"},"inLanguage":"es","potentialAction":[{"@type":"ReadAction","target":["https:\/\/semanasantabraga.com\/es\/osuna-espana\/"]}]},{"@type":"BreadcrumbList","@id":"https:\/\/semanasantabraga.com\/es\/osuna-espana\/#breadcrumb","itemListElement":[{"@type":"ListItem","position":1,"name":"In\u00edcio","item":"https:\/\/semanasantabraga.com\/es\/"},{"@type":"ListItem","position":2,"name":"Osuna, Espa\u00f1a"}]},{"@type":"WebSite","@id":"https:\/\/semanasantabraga.com\/#website","url":"https:\/\/semanasantabraga.com\/","name":"Semana Santa de Braga - S\u00edtio Oficial","description":"","potentialAction":[{"@type":"SearchAction","target":{"@type":"EntryPoint","urlTemplate":"https:\/\/semanasantabraga.com\/?s={search_term_string}"},"query-input":{"@type":"PropertyValueSpecification","valueRequired":true,"valueName":"search_term_string"}}],"inLanguage":"es"}]}},"_links":{"self":[{"href":"https:\/\/semanasantabraga.com\/es\/wp-json\/wp\/v2\/pages\/9468","targetHints":{"allow":["GET"]}}],"collection":[{"href":"https:\/\/semanasantabraga.com\/es\/wp-json\/wp\/v2\/pages"}],"about":[{"href":"https:\/\/semanasantabraga.com\/es\/wp-json\/wp\/v2\/types\/page"}],"author":[{"embeddable":true,"href":"https:\/\/semanasantabraga.com\/es\/wp-json\/wp\/v2\/users\/3"}],"replies":[{"embeddable":true,"href":"https:\/\/semanasantabraga.com\/es\/wp-json\/wp\/v2\/comments?post=9468"}],"version-history":[{"count":2,"href":"https:\/\/semanasantabraga.com\/es\/wp-json\/wp\/v2\/pages\/9468\/revisions"}],"predecessor-version":[{"id":9485,"href":"https:\/\/semanasantabraga.com\/es\/wp-json\/wp\/v2\/pages\/9468\/revisions\/9485"}],"wp:attachment":[{"href":"https:\/\/semanasantabraga.com\/es\/wp-json\/wp\/v2\/media?parent=9468"}],"curies":[{"name":"wp","href":"https:\/\/api.w.org\/{rel}","templated":true}]}}